{"id":3051,"date":"2021-08-27T14:30:56","date_gmt":"2021-08-27T14:30:56","guid":{"rendered":"https:\/\/samsaragold.com\/product\/accessories-global-vesta-power-tower\/"},"modified":"2023-09-19T12:33:26","modified_gmt":"2023-09-19T12:33:26","slug":"accessoires-global-vesta-power-tower","status":"publish","type":"product","link":"https:\/\/metrointeriors.ca\/fr\/produit\/accessoires-global-vesta-power-tower\/","title":{"rendered":"Borne d\u2019alimentation Vesta"},"content":{"rendered":"<p>Dot\u00e9e de trois prises de courant et de deux ports USB-A, la borne Vesta se d\u00e9place et se partage ais\u00e9ment.<\/p>\n","protected":false},"excerpt":{"rendered":"<p>Les bornes d\u2019alimentation mobiles Vesta placent une capacit\u00e9 de recharge \u00e0 port\u00e9e de la main partout o\u00f9 les gens se rassemblent.<\/p>\n","protected":false},"featured_media":2718,"comment_status":"closed","ping_status":"closed","template":"","meta":{"_et_pb_use_builder":"","_et_pb_old_content":"","_et_gb_content_width":""},"product_brand":[],"product_cat":[151,144],"product_tag":[448,453],"class_list":{"0":"post-3051","1":"product","2":"type-product","3":"status-publish","4":"has-post-thumbnail","6":"product_cat-accessoires","7":"product_cat-access-global-fr","8":"product_tag-accessories-global-fr","9":"product_tag-vesta-power-tower-fr","11":"first","12":"instock","13":"product-type-simple"},"yoast_head":"<!-- This site is optimized with the Yoast SEO plugin v27.0 - https:\/\/yoast.com\/product\/yoast-seo-wordpress\/ -->\n<title>Borne d\u2019alimentation Vesta - Metro Interiors<\/title>\n<meta name=\"robots\" content=\"index, follow, max-snippet:-1, max-image-preview:large, max-video-preview:-1\" \/>\n<link rel=\"canonical\" href=\"https:\/\/metrointeriors.ca\/fr\/produit\/accessoires-global-vesta-power-tower\/\" \/>\n<meta property=\"og:locale\" content=\"fr_FR\" \/>\n<meta property=\"og:type\" content=\"article\" \/>\n<meta property=\"og:title\" content=\"Borne d\u2019alimentation Vesta - Metro Interiors\" \/>\n<meta property=\"og:description\" content=\"Les bornes d\u2019alimentation mobiles Vesta placent une capacit\u00e9 de recharge \u00e0 port\u00e9e de la main partout o\u00f9 les gens se rassemblent.\" \/>\n<meta property=\"og:url\" content=\"https:\/\/metrointeriors.ca\/fr\/produit\/accessoires-global-vesta-power-tower\/\" \/>\n<meta property=\"og:site_name\" content=\"Metro Interiors\" \/>\n<meta property=\"article:modified_time\" content=\"2023-09-19T12:33:26+00:00\" \/>\n<meta property=\"og:image\" content=\"https:\/\/metrointeriors.ca\/wp-content\/uploads\/2021\/08\/accessories-global-vesta-power-tower.jpg\" \/>\n\t<meta property=\"og:image:width\" content=\"1080\" \/>\n\t<meta property=\"og:image:height\" content=\"1080\" \/>\n\t<meta property=\"og:image:type\" content=\"image\/jpeg\" \/>\n<meta name=\"twitter:card\" content=\"summary_large_image\" \/>\n<script type=\"application\/ld+json\" class=\"yoast-schema-graph\">{\"@context\":\"https:\/\/schema.org\",\"@graph\":[{\"@type\":\"WebPage\",\"@id\":\"https:\/\/metrointeriors.ca\/fr\/produit\/accessoires-global-vesta-power-tower\/\",\"url\":\"https:\/\/metrointeriors.ca\/fr\/produit\/accessoires-global-vesta-power-tower\/\",\"name\":\"Borne d\u2019alimentation Vesta - Metro Interiors\",\"isPartOf\":{\"@id\":\"https:\/\/metrointeriors.ca\/#website\"},\"primaryImageOfPage\":{\"@id\":\"https:\/\/metrointeriors.ca\/fr\/produit\/accessoires-global-vesta-power-tower\/#primaryimage\"},\"image\":{\"@id\":\"https:\/\/metrointeriors.ca\/fr\/produit\/accessoires-global-vesta-power-tower\/#primaryimage\"},\"thumbnailUrl\":\"https:\/\/metrointeriors.ca\/wp-content\/uploads\/2021\/08\/accessories-global-vesta-power-tower.jpg\",\"datePublished\":\"2021-08-27T14:30:56+00:00\",\"dateModified\":\"2023-09-19T12:33:26+00:00\",\"breadcrumb\":{\"@id\":\"https:\/\/metrointeriors.ca\/fr\/produit\/accessoires-global-vesta-power-tower\/#breadcrumb\"},\"inLanguage\":\"fr-FR\",\"potentialAction\":[{\"@type\":\"ReadAction\",\"target\":[\"https:\/\/metrointeriors.ca\/fr\/produit\/accessoires-global-vesta-power-tower\/\"]}]},{\"@type\":\"ImageObject\",\"inLanguage\":\"fr-FR\",\"@id\":\"https:\/\/metrointeriors.ca\/fr\/produit\/accessoires-global-vesta-power-tower\/#primaryimage\",\"url\":\"https:\/\/metrointeriors.ca\/wp-content\/uploads\/2021\/08\/accessories-global-vesta-power-tower.jpg\",\"contentUrl\":\"https:\/\/metrointeriors.ca\/wp-content\/uploads\/2021\/08\/accessories-global-vesta-power-tower.jpg\",\"width\":1080,\"height\":1080,\"caption\":\"vesta-power-tower\"},{\"@type\":\"BreadcrumbList\",\"@id\":\"https:\/\/metrointeriors.ca\/fr\/produit\/accessoires-global-vesta-power-tower\/#breadcrumb\",\"itemListElement\":[{\"@type\":\"ListItem\",\"position\":1,\"name\":\"Home\",\"item\":\"https:\/\/metrointeriors.ca\/fr\/\"},{\"@type\":\"ListItem\",\"position\":2,\"name\":\"Boutique\",\"item\":\"https:\/\/metrointeriors.ca\/fr\/boutique\/\"},{\"@type\":\"ListItem\",\"position\":3,\"name\":\"Borne d\u2019alimentation Vesta\"}]},{\"@type\":\"WebSite\",\"@id\":\"https:\/\/metrointeriors.ca\/#website\",\"url\":\"https:\/\/metrointeriors.ca\/\",\"name\":\"Metro Interiors\",\"description\":\"Laissez-nous vous aider \u00e0 rafra\u00eechir votre espace de travail d&#039;entreprise\",\"potentialAction\":[{\"@type\":\"SearchAction\",\"target\":{\"@type\":\"EntryPoint\",\"urlTemplate\":\"https:\/\/metrointeriors.ca\/?s={search_term_string}\"},\"query-input\":{\"@type\":\"PropertyValueSpecification\",\"valueRequired\":true,\"valueName\":\"search_term_string\"}}],\"inLanguage\":\"fr-FR\"}]}<\/script>\n<!-- \/ Yoast SEO plugin. -->","yoast_head_json":{"title":"Borne d\u2019alimentation Vesta - Metro Interiors","robots":{"index":"index","follow":"follow","max-snippet":"max-snippet:-1","max-image-preview":"max-image-preview:large","max-video-preview":"max-video-preview:-1"},"canonical":"https:\/\/metrointeriors.ca\/fr\/produit\/accessoires-global-vesta-power-tower\/","og_locale":"fr_FR","og_type":"article","og_title":"Borne d\u2019alimentation Vesta - Metro Interiors","og_description":"Les bornes d\u2019alimentation mobiles Vesta placent une capacit\u00e9 de recharge \u00e0 port\u00e9e de la main partout o\u00f9 les gens se rassemblent.","og_url":"https:\/\/metrointeriors.ca\/fr\/produit\/accessoires-global-vesta-power-tower\/","og_site_name":"Metro Interiors","article_modified_time":"2023-09-19T12:33:26+00:00","og_image":[{"width":1080,"height":1080,"url":"https:\/\/metrointeriors.ca\/wp-content\/uploads\/2021\/08\/accessories-global-vesta-power-tower.jpg","type":"image\/jpeg"}],"twitter_card":"summary_large_image","schema":{"@context":"https:\/\/schema.org","@graph":[{"@type":"WebPage","@id":"https:\/\/metrointeriors.ca\/fr\/produit\/accessoires-global-vesta-power-tower\/","url":"https:\/\/metrointeriors.ca\/fr\/produit\/accessoires-global-vesta-power-tower\/","name":"Borne d\u2019alimentation Vesta - Metro Interiors","isPartOf":{"@id":"https:\/\/metrointeriors.ca\/#website"},"primaryImageOfPage":{"@id":"https:\/\/metrointeriors.ca\/fr\/produit\/accessoires-global-vesta-power-tower\/#primaryimage"},"image":{"@id":"https:\/\/metrointeriors.ca\/fr\/produit\/accessoires-global-vesta-power-tower\/#primaryimage"},"thumbnailUrl":"https:\/\/metrointeriors.ca\/wp-content\/uploads\/2021\/08\/accessories-global-vesta-power-tower.jpg","datePublished":"2021-08-27T14:30:56+00:00","dateModified":"2023-09-19T12:33:26+00:00","breadcrumb":{"@id":"https:\/\/metrointeriors.ca\/fr\/produit\/accessoires-global-vesta-power-tower\/#breadcrumb"},"inLanguage":"fr-FR","potentialAction":[{"@type":"ReadAction","target":["https:\/\/metrointeriors.ca\/fr\/produit\/accessoires-global-vesta-power-tower\/"]}]},{"@type":"ImageObject","inLanguage":"fr-FR","@id":"https:\/\/metrointeriors.ca\/fr\/produit\/accessoires-global-vesta-power-tower\/#primaryimage","url":"https:\/\/metrointeriors.ca\/wp-content\/uploads\/2021\/08\/accessories-global-vesta-power-tower.jpg","contentUrl":"https:\/\/metrointeriors.ca\/wp-content\/uploads\/2021\/08\/accessories-global-vesta-power-tower.jpg","width":1080,"height":1080,"caption":"vesta-power-tower"},{"@type":"BreadcrumbList","@id":"https:\/\/metrointeriors.ca\/fr\/produit\/accessoires-global-vesta-power-tower\/#breadcrumb","itemListElement":[{"@type":"ListItem","position":1,"name":"Home","item":"https:\/\/metrointeriors.ca\/fr\/"},{"@type":"ListItem","position":2,"name":"Boutique","item":"https:\/\/metrointeriors.ca\/fr\/boutique\/"},{"@type":"ListItem","position":3,"name":"Borne d\u2019alimentation Vesta"}]},{"@type":"WebSite","@id":"https:\/\/metrointeriors.ca\/#website","url":"https:\/\/metrointeriors.ca\/","name":"Metro Interiors","description":"Laissez-nous vous aider \u00e0 rafra\u00eechir votre espace de travail d&#039;entreprise","potentialAction":[{"@type":"SearchAction","target":{"@type":"EntryPoint","urlTemplate":"https:\/\/metrointeriors.ca\/?s={search_term_string}"},"query-input":{"@type":"PropertyValueSpecification","valueRequired":true,"valueName":"search_term_string"}}],"inLanguage":"fr-FR"}]}},"_links":{"self":[{"href":"https:\/\/metrointeriors.ca\/fr\/wp-json\/wp\/v2\/product\/3051","targetHints":{"allow":["GET"]}}],"collection":[{"href":"https:\/\/metrointeriors.ca\/fr\/wp-json\/wp\/v2\/product"}],"about":[{"href":"https:\/\/metrointeriors.ca\/fr\/wp-json\/wp\/v2\/types\/product"}],"replies":[{"embeddable":true,"href":"https:\/\/metrointeriors.ca\/fr\/wp-json\/wp\/v2\/comments?post=3051"}],"wp:featuredmedia":[{"embeddable":true,"href":"https:\/\/metrointeriors.ca\/fr\/wp-json\/wp\/v2\/media\/2718"}],"wp:attachment":[{"href":"https:\/\/metrointeriors.ca\/fr\/wp-json\/wp\/v2\/media?parent=3051"}],"wp:term":[{"taxonomy":"product_brand","embeddable":true,"href":"https:\/\/metrointeriors.ca\/fr\/wp-json\/wp\/v2\/product_brand?post=3051"},{"taxonomy":"product_cat","embeddable":true,"href":"https:\/\/metrointeriors.ca\/fr\/wp-json\/wp\/v2\/product_cat?post=3051"},{"taxonomy":"product_tag","embeddable":true,"href":"https:\/\/metrointeriors.ca\/fr\/wp-json\/wp\/v2\/product_tag?post=3051"}],"curies":[{"name":"wp","href":"https:\/\/api.w.org\/{rel}","templated":true}]}}